{"version":"1.0","provider_name":"Grayling","provider_url":"https:\/\/grayling.com\/es\/","author_name":"Maria Jose Cuerva","author_url":"https:\/\/grayling.com\/es\/news-and-views\/author\/maria-jose-cuerva\/","title":"Nuevo Paquete Europeo de Energ\u00eda E\u00f3lica - Grayling","type":"rich","width":600,"height":338,"html":"<blockquote class=\"wp-embedded-content\" data-secret=\"taG9RJP2xm\"><a href=\"https:\/\/grayling.com\/es\/news-and-views\/nuevo-paquete-europeo-de-energia-eolica\/\">Nuevo Paquete Europeo de Energ\u00eda E\u00f3lica<\/a><\/blockquote><iframe sandbox=\"allow-scripts\" security=\"restricted\" src=\"https:\/\/grayling.com\/es\/news-and-views\/nuevo-paquete-europeo-de-energia-eolica\/embed\/#?secret=taG9RJP2xm\" width=\"600\" height=\"338\" title=\"\u00abNuevo Paquete Europeo de Energ\u00eda E\u00f3lica\u00bb \u2014 Grayling\" data-secret=\"taG9RJP2xm\" frameborder=\"0\" marginwidth=\"0\" marginheight=\"0\" scrolling=\"no\" class=\"wp-embedded-content\"><\/iframe><script type=\"text\/javascript\">\n\/* <![CDATA[ *\/\n\/*! This file is auto-generated *\/\n!function(d,l){\"use strict\";l.querySelector&&d.addEventListener&&\"undefined\"!=typeof URL&&(d.wp=d.wp||{},d.wp.receiveEmbedMessage||(d.wp.receiveEmbedMessage=function(e){var t=e.data;if((t||t.secret||t.message||t.value)&&!\/[^a-zA-Z0-9]\/.test(t.secret)){for(var s,r,n,a=l.querySelectorAll('iframe[data-secret=\"'+t.secret+'\"]'),o=l.querySelectorAll('blockquote[data-secret=\"'+t.secret+'\"]'),c=new RegExp(\"^https?:$\",\"i\"),i=0;i<o.length;i++)o[i].style.display=\"none\";for(i=0;i<a.length;i++)s=a[i],e.source===s.contentWindow&&(s.removeAttribute(\"style\"),\"height\"===t.message?(1e3<(r=parseInt(t.value,10))?r=1e3:~~r<200&&(r=200),s.height=r):\"link\"===t.message&&(r=new URL(s.getAttribute(\"src\")),n=new URL(t.value),c.test(n.protocol))&&n.host===r.host&&l.activeElement===s&&(d.top.location.href=t.value))}},d.addEventListener(\"message\",d.wp.receiveEmbedMessage,!1),l.addEventListener(\"DOMContentLoaded\",function(){for(var e,t,s=l.querySelectorAll(\"iframe.wp-embedded-content\"),r=0;r<s.length;r++)(t=(e=s[r]).getAttribute(\"data-secret\"))||(t=Math.random().toString(36).substring(2,12),e.src+=\"#?secret=\"+t,e.setAttribute(\"data-secret\",t)),e.contentWindow.postMessage({message:\"ready\",secret:t},\"*\")},!1)))}(window,document);\n\/\/# sourceURL=https:\/\/grayling.com\/wp-includes\/js\/wp-embed.min.js\n\/* ]]> *\/\n<\/script>\n","thumbnail_url":"https:\/\/grayling.com\/wp-content\/uploads\/2023\/11\/MicrosoftTeams-image.jpg","thumbnail_width":3456,"thumbnail_height":2304,"description":"El 24 de octubre, la Comisi\u00f3n Europea present\u00f3 un nuevo Paquete Europeo de Energ\u00eda E\u00f3lica para fortalecer la competitividad de la industria y abordar varias dificultades que enfrenta. El paquete busca atender diversas preocupaciones planteadas por la industria en relaci\u00f3n con la capacidad de producci\u00f3n, pr\u00e1cticas competitivas desleales de terceros pa\u00edses, escasez de habilidades, etc...."}